{"id":48,"date":"2021-02-05T13:30:54","date_gmt":"2021-02-05T13:30:54","guid":{"rendered":"http:\/\/www.ubytovaninamlejne.cz\/?page_id=48"},"modified":"2021-05-12T18:43:49","modified_gmt":"2021-05-12T18:43:49","slug":"kde-nas-najdete","status":"publish","type":"page","link":"https:\/\/www.ubytovaninamlejne.cz\/index.php\/kde-nas-najdete\/","title":{"rendered":"Kde n\u00e1s najdete"},"content":{"rendered":"\n<div class=\"wp-block-image is-style-rounded\"><figure class=\"aligncenter size-large\"><img fetchpriority=\"high\" decoding=\"async\" width=\"1024\" height=\"493\" src=\"http:\/\/www.ubytovaninamlejne.cz\/wp-content\/uploads\/2021\/05\/IMG_6035-1024x493.jpg\" alt=\"\" class=\"wp-image-837\" srcset=\"https:\/\/www.ubytovaninamlejne.cz\/wp-content\/uploads\/2021\/05\/IMG_6035-1024x493.jpg 1024w, https:\/\/www.ubytovaninamlejne.cz\/wp-content\/uploads\/2021\/05\/IMG_6035-300x145.jpg 300w, https:\/\/www.ubytovaninamlejne.cz\/wp-content\/uploads\/2021\/05\/IMG_6035-768x370.jpg 768w, https:\/\/www.ubytovaninamlejne.cz\/wp-content\/uploads\/2021\/05\/IMG_6035-1536x740.jpg 1536w\" sizes=\"(max-width: 1024px) 100vw, 1024px\" \/><\/figure><\/div>\n\n\n\n<p class=\"has-text-align-center\">Ubytov\u00e1n\u00ed Na Mlejn\u011b se nach\u00e1z\u00ed cca. 500m pod obc\u00ed Srn\u00ed, sm\u011br Modrava &#8211; adresa je <span style=\"font-weight: bold; color: rgb(7, 159, 71);\" class=\"has-inline-color\">Srn\u00ed 72, 341 92 Srn\u00ed<\/span><\/p>\n\n\n\t\t<div id=\"wpmapblock_0\" data-settings='{&quot;map_marker&quot;:[{&quot;lat&quot;:&quot;49.0807303938&quot;,&quot;lng&quot;:&quot;13.4843178241&quot;,&quot;title&quot;:&quot;Srn\\u00ed 72&quot;,&quot;content&quot;:&quot;Ubytov\\u00e1n\\u00ed Na Mlejn\\u011b&quot;,&quot;iconType&quot;:&quot;default&quot;,&quot;customIconUrl&quot;:&quot;&quot;,&quot;customIconWidth&quot;:&quot;25&quot;,&quot;customIconHeight&quot;:&quot;40&quot;}],&quot;map_zoom&quot;:10,&quot;scroll_wheel_zoom&quot;:false,&quot;map_type&quot;:&quot;GM&quot;,&quot;center_index&quot;:0}' class=\"wpmapblockrender\" style=\"\n\t\t\twidth: 100%;\n\t\t\theight: 500px;\n\t\t\"><\/div>\n        ","protected":false},"excerpt":{"rendered":"<p>Ubytov\u00e1n\u00ed Na Mlejn\u011b se nach\u00e1z\u00ed cca. 500m pod obc\u00ed Srn\u00ed, sm\u011br Modrava &#8211; adresa je Srn\u00ed 72, 341 ...<\/p>","protected":false},"author":1,"featured_media":0,"parent":0,"menu_order":0,"comment_status":"closed","ping_status":"closed","template":"","meta":{"footnotes":""},"_links":{"self":[{"href":"https:\/\/www.ubytovaninamlejne.cz\/index.php\/wp-json\/wp\/v2\/pages\/48"}],"collection":[{"href":"https:\/\/www.ubytovaninamlejne.cz\/index.php\/wp-json\/wp\/v2\/pages"}],"about":[{"href":"https:\/\/www.ubytovaninamlejne.cz\/index.php\/wp-json\/wp\/v2\/types\/page"}],"author":[{"embeddable":true,"href":"https:\/\/www.ubytovaninamlejne.cz\/index.php\/wp-json\/wp\/v2\/users\/1"}],"replies":[{"embeddable":true,"href":"https:\/\/www.ubytovaninamlejne.cz\/index.php\/wp-json\/wp\/v2\/comments?post=48"}],"version-history":[{"count":11,"href":"https:\/\/www.ubytovaninamlejne.cz\/index.php\/wp-json\/wp\/v2\/pages\/48\/revisions"}],"predecessor-version":[{"id":923,"href":"https:\/\/www.ubytovaninamlejne.cz\/index.php\/wp-json\/wp\/v2\/pages\/48\/revisions\/923"}],"wp:attachment":[{"href":"https:\/\/www.ubytovaninamlejne.cz\/index.php\/wp-json\/wp\/v2\/media?parent=48"}],"curies":[{"name":"wp","href":"https:\/\/api.w.org\/{rel}","templated":true}]}}